{"id":11220,"date":"2025-11-08T08:33:34","date_gmt":"2025-11-08T07:33:34","guid":{"rendered":"http:\/\/masagrupo.com\/?page_id=11220"},"modified":"2025-11-22T10:20:09","modified_gmt":"2025-11-22T09:20:09","slug":"politica-de-privacidade","status":"publish","type":"page","link":"https:\/\/masagrupo.com\/pt\/politica-de-privacidad\/","title":{"rendered":"Pol\u00edtica de privacidade"},"content":{"rendered":"<p><div class=\"fusion-bg-parallax\" data-bg-align=\"center center\" data-direction=\"up\" data-mute=\"false\" data-opacity=\"100\" data-velocity=\"-0\" data-mobile-enabled=\"false\" data-break_parents=\"0\" data-bg-image=\"https:\/\/masagrupo.com\/wp-content\/uploads\/2025\/11\/cabecera_legal.jpg\" data-bg-repeat=\"false\" ><\/div><div class=\"fusion-fullwidth fullwidth-box fusion-builder-row-1 fusion-flex-container has-pattern-background has-mask-background fusion-parallax-up nonhundred-percent-fullwidth non-hundred-percent-height-scrolling fusion-animated\" style=\"--awb-border-radius-top-left:0px;--awb-border-radius-top-right:0px;--awb-border-radius-bottom-right:0px;--awb-border-radius-bottom-left:0px;--awb-padding-top:100px;--awb-padding-bottom:100px;--awb-margin-bottom:0px;--awb-background-color:rgba(255,255,255,0);--awb-background-image:url(&quot;https:\/\/masagrupo.com\/wp-content\/uploads\/2025\/11\/cabecera_legal.jpg&quot;);--awb-background-size:cover;--awb-flex-wrap:wrap;\" data-animationtype=\"slideShortInLeft\" data-animationduration=\"0.9\" data-animationoffset=\"top-into-view\" ><div class=\"fusion-builder-row fusion-row fusion-flex-align-items-center fusion-flex-justify-content-center fusion-flex-content-wrap\" style=\"max-width:1248px;margin-left: calc(-4% \/ 2 );margin-right: calc(-4% \/ 2 );\"><div class=\"fusion-layout-column fusion_builder_column fusion-builder-column-0 fusion_builder_column_1_1 1_1 fusion-flex-column fusion-flex-align-self-stretch\" style=\"--awb-padding-left-medium:80px;--awb-padding-right-small:5px;--awb-padding-left-small:5px;--awb-bg-size:cover;--awb-border-color:hsla(calc(var(--awb-color4-h) + 31),var(--awb-color4-s),var(--awb-color4-l),var(--awb-color4-a));--awb-border-style:solid;--awb-width-large:100%;--awb-margin-top-large:0px;--awb-spacing-right-large:1.92%;--awb-margin-bottom-large:0px;--awb-spacing-left-large:1.92%;--awb-width-medium:100%;--awb-order-medium:0;--awb-spacing-right-medium:1.92%;--awb-spacing-left-medium:1.92%;--awb-width-small:100%;--awb-order-small:0;--awb-spacing-right-small:1.92%;--awb-spacing-left-small:1.92%;\"><div class=\"fusion-column-wrapper fusion-column-has-shadow fusion-flex-justify-content-center fusion-content-layout-block\"><div class=\"fusion-title title fusion-title-1 fusion-sep-none fusion-title-text fusion-title-size-one\" style=\"--awb-text-color:var(--awb-color1);--awb-margin-bottom:20px;--awb-font-size:51px;\"><h1 class=\"fusion-title-heading title-heading-left\" style=\"font-family:&quot;Raleway&quot;;font-style:normal;font-weight:400;margin:0;font-size:1em;text-shadow:3px 3px 0px var(--awb-color8);\">Pol\u00edtica de privacidade<\/h1><\/div><\/div><\/div><\/div><\/div><div class=\"fusion-fullwidth fullwidth-box fusion-builder-row-2 fusion-flex-container has-pattern-background has-mask-background nonhundred-percent-fullwidth non-hundred-percent-height-scrolling\" style=\"--awb-border-radius-top-left:0px;--awb-border-radius-top-right:0px;--awb-border-radius-bottom-right:0px;--awb-border-radius-bottom-left:0px;--awb-padding-top:0px;--awb-margin-top:50px;--awb-flex-wrap:wrap;\" ><div class=\"fusion-builder-row fusion-row fusion-flex-align-items-flex-start fusion-flex-content-wrap\" style=\"max-width:1248px;margin-left: calc(-4% \/ 2 );margin-right: calc(-4% \/ 2 );\"><div class=\"fusion-layout-column fusion_builder_column fusion-builder-column-1 fusion_builder_column_1_1 1_1 fusion-flex-column\" style=\"--awb-bg-size:cover;--awb-width-large:100%;--awb-margin-top-large:0px;--awb-spacing-right-large:1.92%;--awb-margin-bottom-large:20px;--awb-spacing-left-large:1.92%;--awb-width-medium:100%;--awb-order-medium:0;--awb-spacing-right-medium:1.92%;--awb-spacing-left-medium:1.92%;--awb-width-small:100%;--awb-order-small:0;--awb-spacing-right-small:1.92%;--awb-spacing-left-small:1.92%;\"><div class=\"fusion-column-wrapper fusion-column-has-shadow fusion-flex-justify-content-flex-start fusion-content-layout-column\"><div class=\"fusion-text fusion-text-1\"><p><span style=\"font-weight: 400;\">Ao navegar no s\u00edtio Web <\/span><a href=\"https:\/\/masagrupo.com\/pt\/\"><span style=\"font-weight: 400;\">masagrupo.com<\/span><\/a><span style=\"font-weight: 400;\"> (o \u00ab<\/span><b>S\u00edtio Web, MASA<\/b><span style=\"font-weight: 400;\">\u00ab) pertencente a <\/span><span style=\"font-weight: 400;\">MANTENIMIENTO Y MONTAJES INDUSTRIALES, S.A.<\/span><span style=\"font-weight: 400;\"> (\u201c<\/span><b>MASA<\/b><span style=\"font-weight: 400;\">\u201d) ou atrav\u00e9s do preenchimento de qualquer um dos formul\u00e1rios existentes, o Utilizador aceita a presente Pol\u00edtica de Privacidade.<\/span><\/p>\n<p><span style=\"font-weight: 400;\">Esta Pol\u00edtica de Privacidade pode variar em fun\u00e7\u00e3o de requisitos legislativos ou de autorregula\u00e7\u00e3o, pelo que aconselhamos o utilizador a visit\u00e1-la periodicamente. Ser\u00e1 aplic\u00e1vel no caso de os utilizadores decidirem preencher qualquer um dos seus formul\u00e1rios de contacto onde sejam recolhidos dados pessoais.<\/span><\/p>\n<p><span style=\"font-weight: 400;\">Respons\u00e1vel pelo tratamento dos seus dados<\/span><\/p>\n<p><span style=\"font-weight: 400;\">Os dados de identifica\u00e7\u00e3o do respons\u00e1vel pelo tratamento dos dados e do encarregado da prote\u00e7\u00e3o de dados s\u00e3o os seguintes<\/span><\/p>\n<table>\n<tbody>\n<tr>\n<td><b>Nome da empresa<\/b><\/td>\n<td><span style=\"font-weight: 400;\">MANTENIMIENTO Y MONTAJES INDUSTRIALES, S.A.<\/span><\/td>\n<\/tr>\n<tr>\n<td><b>Sede social<\/b><\/td>\n<td><span style=\"font-weight: 400;\">Calle V\u00eda de los Poblados, 9-11, Edificio C, 6\u00ba, 28033, Madrid.<\/span><\/td>\n<\/tr>\n<tr>\n<td><b>Identifica\u00e7\u00e3o fiscal<\/b><\/td>\n<td><span style=\"font-weight: 400;\">A08432338<\/span><\/td>\n<\/tr>\n<tr>\n<td><b>N\u00famero de telefone de contacto<\/b><\/td>\n<td><span style=\"font-weight: 400;\">+34 91 659 33 60<\/span><\/td>\n<\/tr>\n<tr>\n<td><b>E-mail de contacto<\/b><\/td>\n<td><a href=\"mailto:lopd@masagrupo.com\"><span style=\"font-weight: 400;\">lopd@masagrupo.com<\/span><\/a><\/td>\n<\/tr>\n<\/tbody>\n<\/table>\n<p><span style=\"font-weight: 400;\">Objetivo do tratamento de dados pessoais<\/span><\/p>\n<p><span style=\"font-weight: 400;\">Os dados pessoais consistem em informa\u00e7\u00f5es que permitem identificar pessoas individuais. Exemplos de dados pessoais s\u00e3o o nome, o endere\u00e7o postal, o endere\u00e7o de correio eletr\u00f3nico ou o n\u00famero de telefone. Apenas recolhemos informa\u00e7\u00f5es pessoais que o Utilizador fornece voluntariamente atrav\u00e9s do nosso s\u00edtio Web.<\/span><\/p>\n<p><span style=\"font-weight: 400;\">Quando um Utilizador se liga a este S\u00edtio Web, por exemplo para comentar uma publica\u00e7\u00e3o, enviar uma mensagem de correio eletr\u00f3nico ao propriet\u00e1rio, subscrever ou celebrar um contrato, est\u00e1 a fornecer informa\u00e7\u00f5es pessoais pelas quais \u00e9 respons\u00e1vel. <\/span><span style=\"font-weight: 400;\">MANTENIMIENTO Y MONTAJES INDUSTRIALES, S.A.<\/span><span style=\"font-weight: 400;\"> Esta informa\u00e7\u00e3o pode incluir dados pessoais, tais como o seu endere\u00e7o IP, nome, endere\u00e7o f\u00edsico, endere\u00e7o de correio eletr\u00f3nico, n\u00famero de telefone e outras informa\u00e7\u00f5es. Ao fornecer estas informa\u00e7\u00f5es, o utilizador consente que as suas informa\u00e7\u00f5es sejam recolhidas, utilizadas, geridas e armazenadas pela masagrupo.com apenas conforme descrito no Aviso Legal e nesta Pol\u00edtica de Privacidade.<\/span><\/p>\n<p><span style=\"font-weight: 400;\">A MASA disp\u00f5e de diferentes sistemas de recolha de dados pessoais e processa os dados fornecidos pelas partes interessadas com as seguintes finalidades para cada sistema de recolha (formul\u00e1rios):<\/span><\/p>\n<ol>\n<li style=\"font-weight: 400;\" aria-level=\"1\"><b>Formul\u00e1rios de contacto<\/b><span style=\"font-weight: 400;\">Solicitamos, entre outros, os seguintes dados pessoais: nome, e-mail, n\u00famero de telefone e quaisquer outros dados pessoais fornecidos \u00e0 MASA para efeitos de realiza\u00e7\u00e3o ou resolu\u00e7\u00e3o de qualquer contacto, incidente ou reclama\u00e7\u00e3o. <\/span><\/li>\n<li style=\"font-weight: 400;\" aria-level=\"1\"><b>Formul\u00e1rio de feedback<\/b><span style=\"font-weight: 400;\">Para comentar as publica\u00e7\u00f5es do blogue MASA, o utilizador deve registar-se atrav\u00e9s deste formul\u00e1rio. Neste caso, solicitamos os seguintes dados pessoais: nome, correio eletr\u00f3nico, s\u00edtio web. <\/span><\/li>\n<\/ol>\n<p><span style=\"font-weight: 400;\">Existem outras finalidades para as quais processamos os seus dados pessoais:<\/span><\/p>\n<ul>\n<li style=\"font-weight: 400;\" aria-level=\"1\"><span style=\"font-weight: 400;\">Gerir o correto funcionamento do s\u00edtio Web e fornecer ao Utilizador as ferramentas necess\u00e1rias para o usufruir.<\/span><\/li>\n<li style=\"font-weight: 400;\" aria-level=\"1\"><span style=\"font-weight: 400;\">Para garantir a conformidade com os termos de utiliza\u00e7\u00e3o e a legisla\u00e7\u00e3o aplic\u00e1vel. Isto pode incluir o desenvolvimento de ferramentas e algoritmos que ajudem este s\u00edtio Web a garantir a confidencialidade dos dados pessoais que recolhe.<\/span><\/li>\n<li style=\"font-weight: 400;\" aria-level=\"1\"><span style=\"font-weight: 400;\">Para gerir as redes sociais, MASA pode estar presente nas redes sociais. O tratamento dos dados das pessoas que se tornem seguidores nas redes sociais das p\u00e1ginas oficiais de MASA reger-se-\u00e1 pelo disposto nesta sec\u00e7\u00e3o, bem como pelas condi\u00e7\u00f5es de utiliza\u00e7\u00e3o, pol\u00edticas de privacidade e normas de acesso pr\u00f3prias da rede social em cada caso e previamente aceites pelo utilizador de MASAsa.com. Trataremos os seus dados com a finalidade de gerir corretamente a sua presen\u00e7a na rede social, informando-o sobre as actividades, produtos ou servi\u00e7os de MASA, bem como para qualquer outra finalidade que a regulamenta\u00e7\u00e3o das redes sociais permita.<\/span><\/li>\n<\/ul>\n<p><span style=\"font-weight: 400;\">A MASA n\u00e3o vende, aluga ou cede a terceiros dados pessoais que possam identificar o utilizador, nem o far\u00e1 no futuro, sem o seu consentimento pr\u00e9vio.<\/span><\/p>\n<p><span style=\"font-weight: 400;\">Para al\u00e9m dos dados pessoais referidos nas sec\u00e7\u00f5es anteriores, a MASA recolhe informa\u00e7\u00f5es que o s\u00edtio Web obt\u00e9m automaticamente relacionadas com a identifica\u00e7\u00e3o do seu dispositivo inform\u00e1tico, a utiliza\u00e7\u00e3o do s\u00edtio Web e os seus h\u00e1bitos de comportamento. Estas informa\u00e7\u00f5es incluem dados sobre o idioma, as p\u00e1ginas ou sec\u00e7\u00f5es do site, palavras-chave, data, hora, tempo gasto pelo utilizador em determinados tipos de p\u00e1ginas, que sec\u00e7\u00e3o da p\u00e1gina foi visitada e informa\u00e7\u00f5es semelhantes relacionadas com a utiliza\u00e7\u00e3o do site. A MASA pode recolher estas informa\u00e7\u00f5es atrav\u00e9s da utiliza\u00e7\u00e3o de cookies. Para saber mais, pode aceder ao nosso <\/span><a href=\"https:\/\/cymi.es\/legal\/politica-de-cookies\/\"><span style=\"font-weight: 400;\">Pol\u00edtica de cookies.<\/span><\/a><\/p>\n<p><span style=\"font-weight: 400;\">A MASA pode enriquecer os dados pessoais do Utilizador com informa\u00e7\u00f5es n\u00e3o identific\u00e1veis obtidas pelo Utilizador ou pelo S\u00edtio Web, conforme descrito anteriormente. No caso de combina\u00e7\u00f5es de dados pessoais com informa\u00e7\u00f5es n\u00e3o pessoais, as informa\u00e7\u00f5es combinadas ser\u00e3o tratadas como dados pessoais durante o tempo em que forem combinadas.<\/span><\/p>\n<p><span style=\"font-weight: 400;\">Se a MASA pretender continuar a processar os seus dados pessoais para um fim diferente dos estabelecidos nesta sec\u00e7\u00e3o, ser\u00e1 informado com anteced\u00eancia, incluindo todas as informa\u00e7\u00f5es relevantes, bem como as consequ\u00eancias esperadas de tal processamento.<\/span><\/p>\n<p><span style=\"font-weight: 400;\">A MASA conservar\u00e1 os seus dados pessoais e poder\u00e1 trat\u00e1-los de acordo com as finalidades descritas enquanto o interessado n\u00e3o solicitar o seu apagamento. Em caso de cancelamento, a MASA manter\u00e1 os restantes dados bloqueados, de acordo com as medidas de seguran\u00e7a previstas na lei, durante o prazo legal de prescri\u00e7\u00e3o de poss\u00edveis ac\u00e7\u00f5es judiciais e procedimentos administrativos que possam ser iniciados em rela\u00e7\u00e3o \u00e0 MASA.<\/span><\/p>\n<p><span style=\"font-weight: 400;\">Lembre-se de que pode opor-se, a qualquer momento, ao tratamento dos seus dados, enviando uma mensagem de correio eletr\u00f3nico para <\/span><a href=\"mailto:lopd@masagrupo.com\"><span style=\"font-weight: 400;\">lopd@masagrupo.com<\/span><\/a><span style=\"font-weight: 400;\"> incluindo como objeto da comunica\u00e7\u00e3o a \u00abSUPRESS\u00c3O DE DADOS\u00bb.<\/span><\/p>\n<p><span style=\"font-weight: 400;\">Legitima\u00e7\u00e3o para o tratamento dos seus dados<\/span><\/p>\n<p><span style=\"font-weight: 400;\">A base jur\u00eddica para o tratamento dos seus dados \u00e9: <\/span><b>o consentimento<\/b><span style=\"font-weight: 400;\">, A utiliza\u00e7\u00e3o do s\u00edtio Web da MASA, para permitir a funcionalidade de navega\u00e7\u00e3o no s\u00edtio Web, bem como para oferecer informa\u00e7\u00f5es \u00e0 MASA para que os utilizadores possam realizar as suas poss\u00edveis consultas.<\/span><\/p>\n<p><span style=\"font-weight: 400;\">O facto de contactar ou comentar este s\u00edtio Web implica a aceita\u00e7\u00e3o desta pol\u00edtica de privacidade.<\/span><\/p>\n<p><span style=\"font-weight: 400;\">A oferta prospetiva ou comercial de produtos e servi\u00e7os baseia-se igualmente no consentimento que lhe \u00e9 solicitado, sem que a retirada deste consentimento possa, em caso algum, condicionar a execu\u00e7\u00e3o do contrato de subscri\u00e7\u00e3o. Tamb\u00e9m a contrata\u00e7\u00e3o de produtos e servi\u00e7os de acordo com os termos e condi\u00e7\u00f5es que podem estar contidos nas condi\u00e7\u00f5es particulares individualizadas.<\/span><\/p>\n<p><span style=\"font-weight: 400;\">Destinat\u00e1rios a quem ser\u00e3o comunicados os seus dados<\/span><\/p>\n<p><span style=\"font-weight: 400;\">Os dados pessoais que a MASA possa recolher do Utilizador atrav\u00e9s do Site ser\u00e3o para uso exclusivo da MASA e n\u00e3o ser\u00e3o comunicados a nenhuma outra entidade. Com exce\u00e7\u00e3o do anterior, os dados recolhidos poder\u00e3o ser cedidos a outras filiais do grupo empresarial a que pertence a MASA.<\/span><\/p>\n<p><span style=\"font-weight: 400;\">Com o objetivo de prestar os servi\u00e7os estritamente necess\u00e1rios para o desenvolvimento da atividade, MASA partilha os dados com os seguintes fornecedores, ao abrigo das respectivas Condi\u00e7\u00f5es de Privacidade.<\/span><\/p>\n<p><span style=\"font-weight: 400;\">As seguintes empresas ter\u00e3o acesso \u00e0s informa\u00e7\u00f5es pessoais necess\u00e1rias para desempenharem as suas fun\u00e7\u00f5es como subcontratantes, mas n\u00e3o as poder\u00e3o utilizar para outros fins. Al\u00e9m disso, devem processar as informa\u00e7\u00f5es pessoais de acordo com esta Pol\u00edtica de Privacidade e com a legisla\u00e7\u00e3o de prote\u00e7\u00e3o de dados aplic\u00e1vel.<\/span><\/p>\n<p><span style=\"font-weight: 400;\">Alojamento: \u00c1pice XXII, S.L., com endere\u00e7o em Antonia Baena 17, 28035 Madrid. Trata os dados com a finalidade de prestar os seus servi\u00e7os como fornecedor de alojamento a <\/span><span style=\"font-weight: 400;\">MANTENIMIENTO Y MONTAJES INDUSTRIALES, S.A.<\/span><span style=\"font-weight: 400;\"> manter a sua infraestrutura virtual em servidores localizados em empresas seguras certificadas e outras empresas localizadas no Espa\u00e7o Econ\u00f3mico Europeu.<\/span><\/p>\n<p><span style=\"font-weight: 400;\">Google Analytics: um servi\u00e7o de an\u00e1lise da Web fornecido pela Google, Inc., uma empresa de Delaware cuja sede est\u00e1 localizada em 1600 Amphitheatre Parkway, Mountain View (Calif\u00f3rnia), CA 94043, Estados Unidos (\u201cGoogle\u201d). O Google Analytics utiliza \u201ccookies\u201d, que s\u00e3o ficheiros de texto colocados no seu computador, para ajudar a masagrupo.com a analisar a forma como os utilizadores utilizam o site. A informa\u00e7\u00e3o gerada pelo cookie sobre a sua utiliza\u00e7\u00e3o da masagrupo.com (incluindo o seu endere\u00e7o IP) ser\u00e1 transmitida e armazenada pela Google em servidores nos Estados Unidos.<\/span><\/p>\n<p><span style=\"font-weight: 400;\">Akismet: um servi\u00e7o de prote\u00e7\u00e3o contra spam fornecido pela Automattic Inc, uma empresa da Calif\u00f3rnia com sede em 60 29th Street #343 San Francisco, CA 94110, Estados Unidos (Automattic). Este tipo de servi\u00e7o analisa o tr\u00e1fego dos formul\u00e1rios de masagrupo.com, que potencialmente cont\u00e9m dados pessoais do utilizador, com o objetivo de filtrar o tr\u00e1fego, as mensagens e os conte\u00fados que s\u00e3o reconhecidos como SPAM. Os dados pessoais recolhidos s\u00e3o especificados no <\/span><span style=\"text-decoration: underline;\"><a href=\"https:\/\/masagrupo.com\/pt\/politica-de-privacidade\/\"><span style=\"font-weight: 400;\">Pol\u00edtica de privacidade<\/span><\/a><\/span><span style=\"font-weight: 400;\"> do servi\u00e7o fornecido pela Automattic e ser\u00e1 armazenado em servidores nos Estados Unidos.<\/span><\/p>\n<p><span style=\"font-weight: 400;\">Todas as comunica\u00e7\u00f5es de dados ser\u00e3o sempre efectuadas em conformidade com a legisla\u00e7\u00e3o em vigor em mat\u00e9ria de prote\u00e7\u00e3o de dados e, em particular, com o Regulamento UE 2016\/679 do Parlamento Europeu e do Conselho, de 27 de abril de 2016, relativo \u00e0 prote\u00e7\u00e3o das pessoas singulares no que diz respeito ao tratamento de dados pessoais e \u00e0 livre circula\u00e7\u00e3o desses dados (\u201c...\").\u201c<\/span><b>Regulamento da UE<\/b><span style=\"font-weight: 400;\">\u201d).<\/span><\/p>\n<p><span style=\"font-weight: 400;\">A MASA poder\u00e1 ceder os dados pessoais do Utilizador \u00e0s administra\u00e7\u00f5es p\u00fablicas quando estas assim o exijam e quando o exijam em conformidade com a legisla\u00e7\u00e3o em vigor.<\/span><\/p>\n<p><span style=\"font-weight: 400;\">Os coment\u00e1rios, como os coment\u00e1rios dos visitantes, podem ser verificados por um servi\u00e7o autom\u00e1tico de dete\u00e7\u00e3o de spam.<\/span><\/p>\n<p><span style=\"font-weight: 400;\">Direitos que protegem o Utilizador quando este nos fornece os seus dados<\/span><\/p>\n<p><span style=\"font-weight: 400;\">Em qualquer momento, o Utilizador poder\u00e1 exercer os seus direitos de acesso, retifica\u00e7\u00e3o, supress\u00e3o e oposi\u00e7\u00e3o (ARSO) perante a MASA, nos termos previstos na normativa vigente. Isto significa que o Utilizador pode pedir-nos para saber que dados temos sobre ele, ou actualiz\u00e1-los, bem como solicitar que a MASA deixe de utilizar os dados para uma finalidade espec\u00edfica, ou simplesmente solicitar que eliminemos todos ou alguns dos seus dados pessoais dos nossos ficheiros e bases de dados.<\/span><\/p>\n<p><span style=\"font-weight: 400;\">Qualquer pessoa tem o direito de obter confirma\u00e7\u00e3o sobre se a MASA est\u00e1 ou n\u00e3o a processar dados pessoais que lhe digam respeito.<\/span><\/p>\n<p><span style=\"font-weight: 400;\">As pessoas interessadas t\u00eam o direito de:<\/span><\/p>\n<ul>\n<li style=\"font-weight: 400;\" aria-level=\"1\"><span style=\"font-weight: 400;\">Solicitar o acesso aos dados pessoais relativos \u00e0 pessoa em causa.<\/span><\/li>\n<li style=\"font-weight: 400;\" aria-level=\"1\"><span style=\"font-weight: 400;\">Solicitar a sua retifica\u00e7\u00e3o ou apagamento.<\/span><\/li>\n<li style=\"font-weight: 400;\" aria-level=\"1\"><span style=\"font-weight: 400;\">Solicitar a limita\u00e7\u00e3o do seu tratamento.<\/span><\/li>\n<li style=\"font-weight: 400;\" aria-level=\"1\"><span style=\"font-weight: 400;\">Tratamento oposto.<\/span><\/li>\n<li style=\"font-weight: 400;\" aria-level=\"1\"><span style=\"font-weight: 400;\">Solicitar a portabilidade dos dados.<\/span><\/li>\n<\/ul>\n<p><span style=\"font-weight: 400;\">As partes interessadas podem <\/span><b>acesso<\/b><span style=\"font-weight: 400;\"> aos seus dados pessoais, bem como solicitar a <\/span><b>retifica\u00e7\u00e3o<\/b><span style=\"font-weight: 400;\"> de dados inexactos ou, se for caso disso, para solicitar a sua <\/span><b>elimina\u00e7\u00e3o<\/b><span style=\"font-weight: 400;\"> quando, entre outros motivos, os dados deixarem de ser necess\u00e1rios para os fins para que foram recolhidos.<\/span><\/p>\n<p><span style=\"font-weight: 400;\">Em determinadas circunst\u00e2ncias, as partes interessadas podem solicitar a <\/span><b>limita\u00e7\u00e3o<\/b><span style=\"font-weight: 400;\"> do tratamento dos seus dados, caso em que estes apenas ser\u00e3o conservados para o exerc\u00edcio ou a defesa de reclama\u00e7\u00f5es.<\/span><\/p>\n<p><span style=\"font-weight: 400;\">Em determinadas circunst\u00e2ncias e por raz\u00f5es relacionadas com uma situa\u00e7\u00e3o espec\u00edfica, as partes interessadas podem <\/span><b>objeto<\/b><span style=\"font-weight: 400;\"> ao tratamento dos seus dados. <\/span><span style=\"font-weight: 400;\">MANTENIMIENTO Y MONTAJES INDUSTRIALES, S.A.<\/span><span style=\"font-weight: 400;\"> cessar o tratamento dos dados, exceto por raz\u00f5es leg\u00edtimas imperiosas ou para o exerc\u00edcio ou a defesa de eventuais reclama\u00e7\u00f5es. Podem tamb\u00e9m solicitar a <\/span><b>portabilidade<\/b><span style=\"font-weight: 400;\"> dos seus dados.<\/span><\/p>\n<p><span style=\"font-weight: 400;\">No caso de o Utilizador se opor ao tratamento dos seus dados, a MASA deixar\u00e1 de os tratar, exceto por motivos leg\u00edtimos previstos na regulamenta\u00e7\u00e3o em vigor ou para o exerc\u00edcio ou defesa de eventuais reclama\u00e7\u00f5es.<\/span><\/p>\n<p><span style=\"font-weight: 400;\">O direito a ser esquecido permite ao Utilizador dos dados solicitar a elimina\u00e7\u00e3o dos dados quando estes s\u00e3o falsos, excessivos ou obsoletos.<\/span><\/p>\n<p><span style=\"font-weight: 400;\">O direito \u00e0 portabilidade permite ao Utilizador solicitar uma c\u00f3pia de todos os dados que a MASA conserva a seu respeito para os poder migrar para outra plataforma \u00e0 sua escolha.<\/span><\/p>\n<p><span style=\"font-weight: 400;\">O direito \u00e0 limita\u00e7\u00e3o do tratamento permite ao Utilizador (i) contestar a exatid\u00e3o dos dados pessoais, durante um per\u00edodo de tempo que permita ao respons\u00e1vel pelo tratamento verificar a exatid\u00e3o dos dados pessoais ou (ii) contestar a licitude do tratamento e opor-se ao apagamento dos dados pessoais e solicitar, em contrapartida, a limita\u00e7\u00e3o da sua utiliza\u00e7\u00e3o, caso em que a MASA apenas conservar\u00e1 os dados pessoais para o exerc\u00edcio ou a defesa de reclama\u00e7\u00f5es.<\/span><\/p>\n<p><span style=\"font-weight: 400;\">Ap\u00f3s o exerc\u00edcio pelo Utilizador de qualquer um destes direitos, e durante o tempo de verifica\u00e7\u00e3o por parte da MASA, os dados permanecer\u00e3o bloqueados enquanto se verificam determinadas circunst\u00e2ncias dos mesmos, n\u00e3o podendo a MASA cancelar ou tratar os referidos dados.<\/span><\/p>\n<p><span style=\"font-weight: 400;\">Para exercer qualquer um dos direitos acima descritos, o Utilizador deve contactar a MASA atrav\u00e9s do seguinte endere\u00e7o de correio eletr\u00f3nico <\/span><span style=\"text-decoration: underline;\"><a href=\"mailto:lopd@masagrupo.com\"><span style=\"font-weight: 400;\">lopd@masagrupo.com<\/span><\/a><\/span><span style=\"font-weight: 400;\">, incluindo como assunto da mensagem eletr\u00f3nica \u201cEXERC\u00cdCIO DE DIREITOS\u201d e indicando no conte\u00fado da comunica\u00e7\u00e3o o direito espec\u00edfico que pretende exercer.<\/span><\/p>\n<p><span style=\"font-weight: 400;\">Exatid\u00e3o e veracidade dos dados<\/span><\/p>\n<p><span style=\"font-weight: 400;\">O Utilizador garante \u00e0 MASA e a terceiros a qualidade da informa\u00e7\u00e3o fornecida, ou seja, que os dados e informa\u00e7\u00f5es fornecidos s\u00e3o reais, verdadeiros, actualizados e pertencem ao Utilizador e n\u00e3o a terceiros. Por conseguinte, ao facultar dados pessoais \u00e0 MASA, o Utilizador garante e responsabiliza-se perante a MASA e terceiros de que os dados s\u00e3o verdadeiros e cumprem o referido princ\u00edpio de qualidade.<\/span><\/p>\n<p><span style=\"font-weight: 400;\">Em qualquer caso, \u00e9 proibido fornecer dados falsos ou desactualizados. O utilizador deve identificar-se sempre com o seu nome real e com dados verdadeiros e actuais. A MASA reserva-se o direito de verificar estas informa\u00e7\u00f5es em qualquer altura, exigindo um comprovativo oficial de identidade.<\/span><\/p>\n<p><span style=\"font-weight: 400;\">Por favor, informe imediatamente a MASA de qualquer altera\u00e7\u00e3o nos seus dados pessoais para que a informa\u00e7\u00e3o contida nos ficheiros esteja sempre actualizada e n\u00e3o contenha erros.<\/span><\/p>\n<p><span style=\"font-weight: 400;\">Liga\u00e7\u00f5es de terceiros<\/span><\/p>\n<p><span style=\"font-weight: 400;\">Esta Pol\u00edtica de Privacidade refere-se apenas ao S\u00edtio Web e n\u00e3o se aplica a liga\u00e7\u00f5es ou s\u00edtios Web de terceiros acess\u00edveis atrav\u00e9s do pr\u00f3prio S\u00edtio Web.<\/span><\/p>\n<p><span style=\"font-weight: 400;\">Os destinos desses links n\u00e3o est\u00e3o sob o controlo da MASA e esta n\u00e3o \u00e9 respons\u00e1vel pelo conte\u00fado de qualquer site ligado, nem por qualquer link contido num site acess\u00edvel a partir do site, nem por quaisquer altera\u00e7\u00f5es ou actualiza\u00e7\u00f5es desses sites. Estes links s\u00e3o fornecidos apenas para informar o utilizador da exist\u00eancia de outras fontes de informa\u00e7\u00e3o sobre um assunto espec\u00edfico, e a inclus\u00e3o de um link n\u00e3o implica a aprova\u00e7\u00e3o do site vinculado pela MASA. Por conseguinte, recomendamos que leia atentamente e reveja a pol\u00edtica de privacidade de cada s\u00edtio Web que visitar.<\/span><\/p>\n<p><span style=\"font-weight: 400;\">Sigilo e seguran\u00e7a dos dados<\/span><\/p>\n<p><span style=\"font-weight: 400;\">A MASA preocupa-se em garantir a seguran\u00e7a e a confidencialidade dos seus dados e informa\u00e7\u00f5es pessoais. Por este motivo, adopt\u00e1mos numerosas medidas de seguran\u00e7a e meios t\u00e9cnicos para evitar a sua perda, utiliza\u00e7\u00e3o indevida ou acesso n\u00e3o autorizado.<\/span><\/p>\n<p><span style=\"font-weight: 400;\">A MASA compromete-se a utilizar e tratar os dados pessoais inclu\u00eddos dos utilizadores, respeitando a sua confidencialidade e a utiliz\u00e1-los de acordo com a sua finalidade, bem como a cumprir a sua obriga\u00e7\u00e3o de os guardar e adaptar todas as medidas para evitar a sua altera\u00e7\u00e3o, perda, tratamento ou acesso n\u00e3o autorizado (como os protocolos Https que utilizamos), em conformidade com o disposto na legisla\u00e7\u00e3o vigente em mat\u00e9ria de prote\u00e7\u00e3o de dados.<\/span><\/p>\n<p><span style=\"font-weight: 400;\">A MASA n\u00e3o pode garantir a inexpugnabilidade absoluta da rede da Internet e, por conseguinte, a viola\u00e7\u00e3o dos dados atrav\u00e9s do acesso fraudulento de terceiros.<\/span><\/p>\n<p><span style=\"font-weight: 400;\">N\u00e3o obstante o anterior, cabe tamb\u00e9m ao Utilizador controlar a sua informa\u00e7\u00e3o pessoal, pelo que pedimos e recomendamos que tenha cuidado com a informa\u00e7\u00e3o e os conte\u00fados que partilha e com quem os partilha. A MASA n\u00e3o controla os conte\u00fados e informa\u00e7\u00f5es que o Utilizador decida partilhar com outros Utilizadores e, portanto, n\u00e3o \u00e9 respons\u00e1vel pelas consequ\u00eancias das suas pr\u00f3prias ac\u00e7\u00f5es.<\/span><\/p>\n<p><span style=\"font-weight: 400;\">A MASA compromete-se a atuar de forma r\u00e1pida e respons\u00e1vel no caso de a seguran\u00e7a dos seus dados ficar comprometida e a inform\u00e1-lo, se for caso disso, com a m\u00e1xima dilig\u00eancia.<\/span><\/p>\n<p><span style=\"font-weight: 400;\">Em caso de viola\u00e7\u00e3o da seguran\u00e7a, a MASA compromete-se a notificar a Ag\u00eancia Espanhola de Prote\u00e7\u00e3o de Dados no prazo de 72 horas ap\u00f3s a ocorr\u00eancia. Da mesma forma, se a viola\u00e7\u00e3o infringir gravemente os direitos e liberdades dos Utilizadores, a MASA tamb\u00e9m os informar\u00e1 do sucedido, indicando as medidas que tomou para minimizar os riscos e poss\u00edveis danos.<\/span><\/p>\n<p><span style=\"font-weight: 400;\">Menores<\/span><\/p>\n<p><span style=\"font-weight: 400;\">Os menores de catorze anos que facultem os seus dados pessoais \u00e0 MASA devem ser autorizados pelos seus pais ou tutores legais. A MASA reserva-se o direito de realizar os controlos adequados para garantir que a legisla\u00e7\u00e3o em mat\u00e9ria de prote\u00e7\u00e3o de dados n\u00e3o \u00e9 violada.<\/span><\/p>\n<p><span style=\"font-weight: 400;\">Aceita\u00e7\u00e3o e consentimento<\/span><\/p>\n<p><span style=\"font-weight: 400;\">O utilizador declara ter sido informado das condi\u00e7\u00f5es de prote\u00e7\u00e3o dos dados pessoais, aceitando e consentindo o tratamento dos mesmos por <\/span><span style=\"font-weight: 400;\">MANTENIMIENTO Y MONTAJES INDUSTRIALES, S.A.<\/span><span style=\"font-weight: 400;\"> da forma e para os fins definidos na presente pol\u00edtica de privacidade<\/span><\/p>\n<p><span style=\"font-weight: 400;\">A MASA reserva-se o direito de modificar ou substituir unilateralmente as disposi\u00e7\u00f5es da presente Pol\u00edtica de Privacidade. Se o Utilizador continuar a utilizar o Site depois de modificados os termos do mesmo, entendemos que o Utilizador aceita a nova pol\u00edtica de privacidade.<\/span><\/p>\n<p><span style=\"font-weight: 400;\">Consulte periodicamente este documento para verificar se houve altera\u00e7\u00f5es. Se o utilizador n\u00e3o concordar com a nova Pol\u00edtica de Privacidade, deve deixar imediatamente de utilizar o s\u00edtio Web.<\/span><\/p>\n<\/div><\/div><\/div><\/div><\/div><\/p>","protected":false},"excerpt":{"rendered":"","protected":false},"author":2,"featured_media":0,"parent":0,"menu_order":0,"comment_status":"closed","ping_status":"closed","template":"100-width.php","meta":{"footnotes":""},"class_list":["post-11220","page","type-page","status-publish","hentry"],"yoast_head":"<!-- This site is optimized with the Yoast SEO plugin v27.4 - https:\/\/yoast.com\/product\/yoast-seo-wordpress\/ -->\n<title>Pol\u00edtica de privacidad - Grupo Masa<\/title>\n<meta name=\"robots\" content=\"index, follow, max-snippet:-1, max-image-preview:large, max-video-preview:-1\" \/>\n<link rel=\"canonical\" href=\"https:\/\/masagrupo.com\/pt\/politica-de-privacidade\/\" \/>\n<meta property=\"og:locale\" content=\"pt_PT\" \/>\n<meta property=\"og:type\" content=\"article\" \/>\n<meta property=\"og:title\" content=\"Pol\u00edtica de privacidad - Grupo Masa\" \/>\n<meta property=\"og:url\" content=\"https:\/\/masagrupo.com\/pt\/politica-de-privacidade\/\" \/>\n<meta property=\"og:site_name\" content=\"Grupo Masa\" \/>\n<meta property=\"article:modified_time\" content=\"2025-11-22T09:20:09+00:00\" \/>\n<meta name=\"twitter:card\" content=\"summary_large_image\" \/>\n<meta name=\"twitter:label1\" content=\"Est. reading time\" \/>\n\t<meta name=\"twitter:data1\" content=\"14 minutes\" \/>\n<script type=\"application\/ld+json\" class=\"yoast-schema-graph\">{\"@context\":\"https:\\\/\\\/schema.org\",\"@graph\":[{\"@type\":\"WebPage\",\"@id\":\"https:\\\/\\\/masagrupo.com\\\/politica-de-privacidad\\\/\",\"url\":\"https:\\\/\\\/masagrupo.com\\\/politica-de-privacidad\\\/\",\"name\":\"Pol\u00edtica de privacidad - Grupo Masa\",\"isPartOf\":{\"@id\":\"https:\\\/\\\/masagrupo.com\\\/#website\"},\"datePublished\":\"2025-11-08T07:33:34+00:00\",\"dateModified\":\"2025-11-22T09:20:09+00:00\",\"breadcrumb\":{\"@id\":\"https:\\\/\\\/masagrupo.com\\\/politica-de-privacidad\\\/#breadcrumb\"},\"inLanguage\":\"pt-PT\",\"potentialAction\":[{\"@type\":\"ReadAction\",\"target\":[\"https:\\\/\\\/masagrupo.com\\\/politica-de-privacidad\\\/\"]}]},{\"@type\":\"BreadcrumbList\",\"@id\":\"https:\\\/\\\/masagrupo.com\\\/politica-de-privacidad\\\/#breadcrumb\",\"itemListElement\":[{\"@type\":\"ListItem\",\"position\":1,\"name\":\"Portada\",\"item\":\"https:\\\/\\\/masagrupo.com\\\/\"},{\"@type\":\"ListItem\",\"position\":2,\"name\":\"Pol\u00edtica de privacidad\"}]},{\"@type\":\"WebSite\",\"@id\":\"https:\\\/\\\/masagrupo.com\\\/#website\",\"url\":\"https:\\\/\\\/masagrupo.com\\\/\",\"name\":\"Grupo Masa\",\"description\":\"MASA es una empresa del Grupo ACS\",\"potentialAction\":[{\"@type\":\"SearchAction\",\"target\":{\"@type\":\"EntryPoint\",\"urlTemplate\":\"https:\\\/\\\/masagrupo.com\\\/?s={search_term_string}\"},\"query-input\":{\"@type\":\"PropertyValueSpecification\",\"valueRequired\":true,\"valueName\":\"search_term_string\"}}],\"inLanguage\":\"pt-PT\"}]}<\/script>\n<!-- \/ Yoast SEO plugin. -->","yoast_head_json":{"title":"Pol\u00edtica de privacidade - Grupo Masa","robots":{"index":"index","follow":"follow","max-snippet":"max-snippet:-1","max-image-preview":"max-image-preview:large","max-video-preview":"max-video-preview:-1"},"canonical":"https:\/\/masagrupo.com\/pt\/politica-de-privacidade\/","og_locale":"pt_PT","og_type":"article","og_title":"Pol\u00edtica de privacidad - Grupo Masa","og_url":"https:\/\/masagrupo.com\/pt\/politica-de-privacidade\/","og_site_name":"Grupo Masa","article_modified_time":"2025-11-22T09:20:09+00:00","twitter_card":"summary_large_image","twitter_misc":{"Est. reading time":"14 minutes"},"schema":{"@context":"https:\/\/schema.org","@graph":[{"@type":"WebPage","@id":"https:\/\/masagrupo.com\/politica-de-privacidad\/","url":"https:\/\/masagrupo.com\/politica-de-privacidad\/","name":"Pol\u00edtica de privacidade - Grupo Masa","isPartOf":{"@id":"https:\/\/masagrupo.com\/#website"},"datePublished":"2025-11-08T07:33:34+00:00","dateModified":"2025-11-22T09:20:09+00:00","breadcrumb":{"@id":"https:\/\/masagrupo.com\/politica-de-privacidad\/#breadcrumb"},"inLanguage":"pt-PT","potentialAction":[{"@type":"ReadAction","target":["https:\/\/masagrupo.com\/politica-de-privacidad\/"]}]},{"@type":"BreadcrumbList","@id":"https:\/\/masagrupo.com\/politica-de-privacidad\/#breadcrumb","itemListElement":[{"@type":"ListItem","position":1,"name":"Portada","item":"https:\/\/masagrupo.com\/"},{"@type":"ListItem","position":2,"name":"Pol\u00edtica de privacidad"}]},{"@type":"WebSite","@id":"https:\/\/masagrupo.com\/#website","url":"https:\/\/masagrupo.com\/","name":"Grupo Masa","description":"A MASA \u00e9 uma empresa do Grupo ACS","potentialAction":[{"@type":"SearchAction","target":{"@type":"EntryPoint","urlTemplate":"https:\/\/masagrupo.com\/?s={search_term_string}"},"query-input":{"@type":"PropertyValueSpecification","valueRequired":true,"valueName":"search_term_string"}}],"inLanguage":"pt-PT"}]}},"_links":{"self":[{"href":"https:\/\/masagrupo.com\/pt\/wp-json\/wp\/v2\/pages\/11220","targetHints":{"allow":["GET"]}}],"collection":[{"href":"https:\/\/masagrupo.com\/pt\/wp-json\/wp\/v2\/pages"}],"about":[{"href":"https:\/\/masagrupo.com\/pt\/wp-json\/wp\/v2\/types\/page"}],"author":[{"embeddable":true,"href":"https:\/\/masagrupo.com\/pt\/wp-json\/wp\/v2\/users\/2"}],"replies":[{"embeddable":true,"href":"https:\/\/masagrupo.com\/pt\/wp-json\/wp\/v2\/comments?post=11220"}],"version-history":[{"count":8,"href":"https:\/\/masagrupo.com\/pt\/wp-json\/wp\/v2\/pages\/11220\/revisions"}],"predecessor-version":[{"id":12202,"href":"https:\/\/masagrupo.com\/pt\/wp-json\/wp\/v2\/pages\/11220\/revisions\/12202"}],"wp:attachment":[{"href":"https:\/\/masagrupo.com\/pt\/wp-json\/wp\/v2\/media?parent=11220"}],"curies":[{"name":"wp","href":"https:\/\/api.w.org\/{rel}","templated":true}]}}